{"id":972,"date":"2022-03-30T17:41:22","date_gmt":"2022-03-30T15:41:22","guid":{"rendered":"https:\/\/www.emilgroupawards.com\/privacy-policy\/"},"modified":"2022-04-06T15:49:06","modified_gmt":"2022-04-06T13:49:06","slug":"privacy-policy","status":"publish","type":"page","link":"https:\/\/www.emilgroupawards.com\/de\/privacy-policy\/","title":{"rendered":"Privacy Policy"},"content":{"rendered":"\t\t<div data-elementor-type=\"wp-page\" data-elementor-id=\"972\" class=\"elementor elementor-972 elementor-3\" data-elementor-post-type=\"page\">\n\t\t\t\t\t\t<section class=\"elementor-section elementor-top-section elementor-element elementor-element-9b947b6 elementor-section-boxed elementor-section-height-default elementor-section-height-default\" data-id=\"9b947b6\" data-element_type=\"section\" data-e-type=\"section\">\n\t\t\t\t\t\t<div class=\"elementor-container elementor-column-gap-default\">\n\t\t\t\t\t<div class=\"elementor-column elementor-col-100 elementor-top-column elementor-element elementor-element-cd4253c\" data-id=\"cd4253c\" data-element_type=\"column\" data-e-type=\"column\">\n\t\t\t<div class=\"elementor-widget-wrap elementor-element-populated\">\n\t\t\t\t\t\t<div class=\"elementor-element elementor-element-5172a40 elementor-widget elementor-widget-heading\" data-id=\"5172a40\" data-element_type=\"widget\" data-e-type=\"widget\" data-widget_type=\"heading.default\">\n\t\t\t\t<div class=\"elementor-widget-container\">\n\t\t\t\t\t<h1 class=\"elementor-heading-title elementor-size-default\">DATENSCHUTZERKL\u00c4RUNG INTERNETSEITE<\/h1>\t\t\t\t<\/div>\n\t\t\t\t<\/div>\n\t\t\t\t<div class=\"elementor-element elementor-element-f082906 elementor-widget elementor-widget-heading\" data-id=\"f082906\" data-element_type=\"widget\" data-e-type=\"widget\" data-widget_type=\"heading.default\">\n\t\t\t\t<div class=\"elementor-widget-container\">\n\t\t\t\t\t<h2 class=\"elementor-heading-title elementor-size-default\">GEM\u00c4SS ARTIKEL 13 DER VERORDNUNG (EU) 2016\/679 ZUM SCHUTZ UND ZUR VERARBEITUNG PERSONENBEZOGENER DATEN (DSGVO)<\/h2>\t\t\t\t<\/div>\n\t\t\t\t<\/div>\n\t\t\t\t\t<\/div>\n\t\t<\/div>\n\t\t\t\t\t<\/div>\n\t\t<\/section>\n\t\t\t\t<section class=\"elementor-section elementor-top-section elementor-element elementor-element-983ac05 elementor-section-boxed elementor-section-height-default elementor-section-height-default\" data-id=\"983ac05\" data-element_type=\"section\" data-e-type=\"section\">\n\t\t\t\t\t\t<div class=\"elementor-container elementor-column-gap-default\">\n\t\t\t\t\t<div class=\"elementor-column elementor-col-100 elementor-top-column elementor-element elementor-element-d16d941\" data-id=\"d16d941\" data-element_type=\"column\" data-e-type=\"column\">\n\t\t\t<div class=\"elementor-widget-wrap elementor-element-populated\">\n\t\t\t\t\t\t<div class=\"elementor-element elementor-element-eddb054 elementor-widget elementor-widget-text-editor\" data-id=\"eddb054\" data-element_type=\"widget\" data-e-type=\"widget\" data-widget_type=\"text-editor.default\">\n\t\t\t\t<div class=\"elementor-widget-container\">\n\t\t\t\t\t\t\t\t\t<p><strong>1. VERANTWORTLICHER<\/strong><\/p>\r\n<p>\r\nVerantwortlicher ist Emilceramica S.r.l. a Socio Unico mit Sitz in Via Ghiarola Nuova 29, 41042 Fiorano Modenese (Modena), Italien, in Person seines gesetzlichen Vertreters pro-tempore (\u201e<b>Verantwortlicher<\/b>\u201c oder \u201e<b>Emilceramica<\/b>\u201c).<\/p>\r\n<p> Zur Aus\u00fcbung Ihrer Rechte und zum Erhalt von Informationen dar\u00fcber und\/oder in Bezug auf diese Datenschutzerkl\u00e4rung k\u00f6nnen Sie sich unter den nachfolgenden Adressen an den Verantwortlichen wenden:\u00a0\u00a0<a href=\"mailto:privacy@emilceramicagroup.it\">privacy@emilceramicagroup.it<\/a> \u00a0Tel. +39 0536 835111.<\/p>\r\n<p> Der Verantwortliche hat einen Datenschutzbeauftragten (\u201eDSB\u201c) ernannt, an den Sie sich schriftlich (an:\u00a0<a href=\"mailto:dpo@emilceramicagroup.it\">dpo@emilceramicagroup.it<\/a>) wenden k\u00f6nnen, um Ihre unter Nummer 7 aufgef\u00fchrten Rechte auszu\u00fcben und um Informationen dar\u00fcber und\/oder in Bezug auf diese Datenschutzerkl\u00e4rung zu erhalten.\r\n<\/p>\r\n<p><strong> 2. ZWECKE DER VERARBEITUNG, RECHTSGRUNDLAGE UND SPEICHERFRIST\r\n<\/strong><\/p>\r\n<p>\r\nEmilceramica wird Ihre direkt bereitgestellten oder beim Besuch der Website\u00a0<a href=\"http:\/\/www.emilgroupawards.com\">www.emilgroupawards.com<\/a> \u00a0(die \u201eWebsite\u201d) erhobenen personenbezogenen Daten f\u00fcr die nachfolgenden Zwecke verarbeiten.<\/p>\r\n<p> <b>2.1. WEBSITE-NAVIGATION<\/b><\/p>\r\n<p>\r\n  \r\n  Beim Navigieren erfassen die IT-Systeme und -Anwendungssoftwares f\u00fcr den Funktionsablauf der Website einige personenbezogene Daten, deren \u00dcbermittlung bei der Benutzung von Kommunikationsprotokollen im Internet selbstverst\u00e4ndlich ist. Dazu geh\u00f6ren z.B. IP-Adressen oder Domain-Namen der von den Nutzern benutzten Rechner oder Terminals, die URIs\/ URLs (Uniform Resource Identifier\/Locator) der angeforderten Ressourcen, die Uhrzeit der Anforderung, die Gr\u00f6\u00dfe der Antwortdatei, der numerische Code der Serverantwort (erfolgreich, Fehler usw.) sowie andere Parameter \u00fcber das Betriebssystem und das IT-Umfeld des Nutzers. Der Zweck ist:\r\n<\/p>\r\n<ol>\r\n  <li>Ihnen den Zugang und die Nutzung der Website zu erm\u00f6glichen<\/li>\r\n \t<li>statistische Informationen \u00fcber die Nutzung der Dienste zu erhalten<\/li>\r\n \t<li>den ordnungsgem\u00e4\u00dfen Betrieb der angebotenen Dienste zu kontrollieren<\/li>\r\n<\/ol>\r\n<p>Die Rechtsgrundlage f\u00fcr die Verarbeitung Ihrer Daten zu den Zwecken gem\u00e4\u00df Punkt 1, 2, 3 ist die Erf\u00fcllung Ihrer Anfrage gem\u00e4\u00df Artikel 6 Absatz eins Buchstabe b) DSGVO. Sollten Sie sich weigern, diese Daten bereitzustellen, w\u00fcrde dies zur Folge haben, dass Sie die Website nicht besuchen k\u00f6nnen.\r\n  \r\nDie Navigationsdaten werden f\u00fcr die in der Cookie Datenschutzerkl\u00e4rung auf der Website angegebenen Zeitr\u00e4ume gespeichert. <\/p>\r\n<p><b>2.2 COOKIES UND ANDERE TRACKING-SYSTEME<\/b><\/p>\r\n<p>\r\n  \r\n  Die Website setzt Cookies ein. F\u00fcr weitere Informationen in diesem Zusammenhang rufen Sie bitte unsere Cookie Datenschutzerkl\u00e4rung \u00fcber diesen Link <a href=\"https:\/\/www.emilgroupawards.com\/de\/cookie-policy\/\">https:\/\/www.emilgroupawards.com\/de\/cookie-policy\/<\/a>\u00a0auf.\r\n<\/p>\r\n<p><strong>3. METHODEN F\u00dcR DIE VERARBEITUNG IHRER PERSONENBEZOGENEN DATEN\r\n<\/strong><\/p>\r\n<p>\r\n  \r\n  Die Verarbeitung f\u00fcr die angegebenen Zwecke wird unter Einhaltung der Bestimmungen der DSGVO mittels papiergest\u00fctzten und elektronischen Systemen sowie mit Telematikanwendungen und jedenfalls mit Methoden erfolgen, die ein geeignetes Schutz- und Vertraulichkeitsniveau gem\u00e4\u00df Art. 32 DSGVO garantieren.\r\n  \r\n  Als Verarbeitung personenbezogener Daten gelten ihre Erhebung, Erfassung, Organisation, Speicherung, Aufbereitung, Ver\u00e4nderung, Auswahl, ihr Auslesen, ihr Abgleich, ihre Verwendung, Verkn\u00fcpfung, Sperrung, Offenlegung, Verbreitung, L\u00f6schung und Vernichtung oder die Kombination von zwei oder mehreren dieser Vorg\u00e4nge, und zwar auch durch automatisierte Instrumente f\u00fcr das Speichern, Verwalten und die \u00dcbermittlung dieser Daten unter Verwendung von Mitteln, die geeignet sind, die Sicherheit und die Vertraulichkeit zu garantieren.\r\n<\/p>\r\n<p><b>3.1 NUTZUNG VON SOCIAL MEDIA<\/b><\/p>\r\n<p>\r\n  \r\nEmilceramica kann auch Verbindungen (Links) zu anderen Social Media Plattformen bereitstellen, die zu von Personen oder Einrichtungen installierten Servern leiten, \u00fcber die sie keine Kontrolle hat. Emilceramica \u00fcbernimmt keine Zusicherung oder Garantie in Bezug auf die Genauigkeit oder sonstige Aspekte der Informationen, die auf diesen Websites verf\u00fcgbar sind. Die Verbindung (Link) zu einer Website eines Dritten darf nicht als Einverst\u00e4ndnis \u2013 weder von Emilceramica noch von diesem Dritten \u2013 mit den Produkten und Diensten anderer oder dieses Dritten verstanden werden. Emilceramica liefert weder Erkl\u00e4rungen oder Garantien in Bezug auf die Nutzung oder Speicherung der Daten des Nutzers auf Websites Dritter. Wir fordern die Nutzer auf, die Datenschutzerkl\u00e4rung der Websites Dritter, die mit unserer Website verbunden sind, aufmerksam zu lesen, um einen vollst\u00e4ndigen \u00dcberblick \u00fcber die m\u00f6gliche Verwendung Ihrer personenbezogenen Daten zu erhalten.<\/p>\r\n<p> <strong> 4. EMPF\u00c4NGER IHRER PERSONENBEZOGENEN DATEN UND WER KENNTNIS DAVON ERLANGEN KANN\r\n<\/strong><\/p>\r\n<p>\r\n  \r\n  F\u00fcr die im vorstehenden Punkt 2 beschriebenen Zwecke werden die Besch\u00e4ftigten, das gleichgesetzte Personal und die Mitarbeiter von Emilceramica, die als zur Verarbeitung von personenbezogenen Daten befugte Personen t\u00e4tig sind, Kenntnis von den verarbeiteten personenbezogenen Daten erlangen.\r\n  \r\n  Zudem k\u00f6nnen Ihre personenbezogenen Daten f\u00fcr die Verfolgung der im vorstehendem Punkt 2 beschriebenen Zwecke von Dritten verarbeitet werden, die zum Beispiel folgenden Kategorien angeh\u00f6ren:\r\n  \r\n  &nbsp;\r\n<\/p>\r\n<ul>\r\n  <li>Personen, die Dienstleistungen f\u00fcr die Verwaltung des IT-Systems erbringen, einschlie\u00dflich Hosting-Dienste der Server und Back-up-Dienste;<\/li>\r\n \t<li>Dienstleister f\u00fcr technischen Support;<\/li>\r\n \t<li>andere Dienstleister;<\/li>\r\n \t<li>andere Konzernunternehmen von Emilceramica oder Unternehmen, die auf Emilceramica oder auf Mohawk Industries zur\u00fcckzuf\u00fchren sind.<\/li>\r\n<\/ul>\r\n<p>&nbsp;\r\n  \r\n  Die Personen, die den oben genannten Kategorien angeh\u00f6ren, sind in einigen F\u00e4llen in v\u00f6lliger Unabh\u00e4ngigkeit als eigenst\u00e4ndige Verantwortliche t\u00e4tig und in anderen F\u00e4llen als eigens vom Verantwortlichen gem\u00e4\u00df Artikel 28 DSGVO ernannte Auftragsverarbeiter t\u00e4tig.\r\n  \r\n  Die Offenlegung Ihrer Daten an Personen, die den oben genannten Kategorien angeh\u00f6ren und als selbstst\u00e4ndige Verantwortliche handeln, erfordert aufgrund des vorrangigen berechtigten Interesses des Verantwortlichen nicht Ihre Einwilligung, da solche Offenlegungen f\u00fcr die Verfolgung der im vorstehenden Punkt 2 genannten Zwecke erforderlich sind.\r\n  \r\n  Sie k\u00f6nnen die vollst\u00e4ndige und aktualisierte Liste der Personen, denen Ihre personenbezogenen Daten offengelegt werden k\u00f6nnen, beim Verantwortlichen unter der in Punkt 1 der Datenschutzerkl\u00e4rung aufgef\u00fchrten Adresse anfordern.\r\n<\/p>\r\n<p><strong>5. \u00dcBERMITTLUNG VON PERSONENBEZOGENEN DATEN IN DRITTL\u00c4NDER<\/strong><\/p>\r\n<p>\r\n  \r\n  Ihre personenbezogenen Daten k\u00f6nnten aus technisch-organisatorischen Erfordernissen in Drittl\u00e4nder \u00fcbermittelt werden: Solche \u00dcbermittlungen sind in jedem Fall rechtm\u00e4\u00dfig, da sie gem\u00e4\u00df Artikel 46 DSGVO durch bestehende Angemessenheitsbeschl\u00fcsse der Europ\u00e4ischen Kommission und\/oder Standarddatenschutzklauseln auf Grundlage der von der Europ\u00e4ischen Kommission eingef\u00fchrten Muster garantiert sind.\r\n  \r\n  Sie k\u00f6nnen vom Verantwortlichen eine Kopie der Datenschutzmassnahmen f\u00fcr die \u00dcbermittlungen Ihrer personenbezogenen Daten in Drittl\u00e4nder, sowie Informationen \u00fcber die Orte, wo diese bereitgestellt wurden. Wenden Sie sich hierf\u00fcr bitte unter der E-Mail-Adresse\u00a0<a href=\"mailto:privacy@emilceramicagroup.it\">privacy@emilceramicagroup.it<\/a> \u00a0an den Verantwortlichen.\r\n<\/p>\r\n<p><strong>6. IHRE RECHTE ALS BETROFFENE PERSON\r\n<\/strong><\/p>\r\n<p>\r\n  \r\n  Sie k\u00f6nnen als betroffene Person in Bezug auf die in dieser Datenschutzerkl\u00e4rung beschriebenen Verarbeitungen nach Ma\u00dfgabe der DSGVO die Rechte nach Art. 15 &#8211; 21 DSGVO aus\u00fcben, und zwar im Einzelnen:\r\n<\/p>\r\n<ul>\r\n  <li>Auskunftsrecht\u2013 Artikel 15 DSGVO: das Recht, eine Best\u00e4tigung dar\u00fcber zu verlangen, ob Sie betreffende personenbezogene Daten verarbeitet werden; ist dies der Fall, so haben Sie ein Recht auf Auskunft \u00fcber diese personenbezogenen Daten, einschlie\u00dflich einer Kopie dieser Daten, und unter anderem auf folgende Informationen:<\/li>\r\n<\/ul>\r\n<ol>\r\n \t<li>Zwecke der verarbeitung<\/li>\r\n \t<li>die Kategorien der verarbeiteten personenbezogenen Daten<\/li>\r\n \t<li>die Empf\u00e4nger oder Kategorien von Empf\u00e4ngern, gegen\u00fcber denen die personenbezogenen Daten offengelegt worden sind oder noch offengelegt warden<\/li>\r\n \t<li>die geplante Speicherdauer der Daten oder die verwendeten Kriterien<\/li>\r\n \t<li>die Rechte der betroffenen Person (Berichtigung, L\u00f6schung der personenbezogenen Daten, Einschr\u00e4nkung der Verarbeitung und Widerspruchsrecht gegen die Verarbeitung)<\/li>\r\n \t<li>das Bestehen eines Beschwerderechts bei der Aufsichtsbeh\u00f6rde<\/li>\r\n \t<li>das Recht auf Informationen, woher die personenbezogenen Daten stammen, wenn diese nicht bei der betroffenen Person erhoben wurden<\/li>\r\n \t<li>das Bestehen einer automatisierten Entscheidungsfindung, einschlie\u00dflich Profiling, sowie aussagekr\u00e4ftige Informationen \u00fcber die involvierte Logik und die Tragweite und die angestrebten Auswirkungen einer derartigen Verarbeitung f\u00fcr die betroffene Person;<\/li>\r\n<\/ol>\r\n<ul>\r\n \t<li>Recht auf Berichtigung\u00a0\u2013 Artikel 16 DSGVO: das Recht, unverz\u00fcglich die Berichtigung Sie betreffender unrichtiger personenbezogener Daten und\/oder die Vervollst\u00e4ndigung unvollst\u00e4ndiger personenbezogener Daten zu verlangen;<\/li>\r\n \t<li>Recht auf L\u00f6schung (Recht auf Vergessenwerden)\u00a0\u2013 Artikel 17 DSGVO: Das Recht, unverz\u00fcglich die L\u00f6schung Sie betreffender personenbezogener Daten zu verlangen, wenn:** die personenbezogenen Daten f\u00fcr die Zwecke, f\u00fcr die sie erhoben oder auf sonstige Weise verarbeitet wurden, nicht mehr notwendig sind;\r\n<ol>\r\n \t<li>Sie Ihre Einwilligung widerrufen haben und es an einer anderweitigen Rechtsgrundlage f\u00fcr die Verarbeitung fehlt;<\/li>\r\n \t<li>Sie die Verarbeitung der personenbezogenen Daten erfolgreich widersprochen haben;<\/li>\r\n \t<li>die Daten unrechtm\u00e4\u00dfig verarbeitet wurden;<\/li>\r\n \t<li>die Daten zur Erf\u00fcllung gesetzlicher Pflichten gel\u00f6scht werden m\u00fcssen;<\/li>\r\n \t<li>die personenbezogenen Daten in Bezug auf angebotene Dienste der Informationsgesellschaft gem\u00e4\u00df Artikel 8 Absatz 1 DSGVO erhoben wurden.<\/li>\r\n<\/ol>\r\n<\/li>\r\n<\/ul>\r\nDas Recht auf L\u00f6schung gilt nicht, soweit die Verarbeitung zur Erf\u00fcllung einer rechtlichen Verpflichtung oder zur Wahrnehmung einer Aufgabe, die im \u00f6ffentlichen Interesse liegt oder zur Geltendmachung, Aus\u00fcbung oder Verteidigung von Rechtsanspr\u00fcchen, erforderlich ist.\r\n<ul>\r\n \t<li>Recht auf Einschr\u00e4nkung der Verarbeitung\u00a0\u2013 Artikel 18 DSGVO: Das Recht, die Einschr\u00e4nkung der Verarbeitung zu verlangen, wenn:** die Richtigkeit der personenbezogenen Daten von der betroffenen Person bestritten wird;\r\n<ol>\r\n \t<li>die Verarbeitung unrechtm\u00e4\u00dfig ist und die betroffene Person die L\u00f6schung der personenbezogenen Daten ablehnt und stattdessen die Einschr\u00e4nkung ihrer Nutzung der personenbezogenen Daten verlangt;<\/li>\r\n \t<li>die betroffene Person die personenbezogenen Daten zur Geltendmachung, Aus\u00fcbung oder Verteidigung von Rechtsanspr\u00fcchen ben\u00f6tigt;<\/li>\r\n \t<li>die betroffene Person Widerspruch gegen die Verarbeitung eingelegt hat, solange noch nicht feststeht, ob die berechtigten Gr\u00fcnde des Verantwortlichen gegen\u00fcber denen der betroffenen Person \u00fcberwiegen.<\/li>\r\n<\/ol>\r\n<\/li>\r\n \t<li>Recht auf Daten\u00fcbertragbarkeit\u00a0\u2013 Artikel 20 DSGVO: Das Recht, die Sie betreffenden personenbezogenen Daten, die Sie einem Verantwortlichen bereitgestellt haben, in einem strukturierten, g\u00e4ngigen und maschinenlesbaren Format zu erhalten, und das Recht, diese Daten einem anderen Verantwortlichen ohne Behinderung zu \u00fcbermitteln, sofern die Verarbeitung auf einer Einwilligung beruht und mithilfe automatisierter Verfahren erfolgt. Zudem haben Sie das Recht zu erwirken, dass die personenbezogenen Daten direkt von dem Verantwortlichen einem anderen Verantwortlichen \u00fcbermittelt werden, soweit dies technisch machbar ist.<\/li>\r\n \t<li>Widerspruchsrecht\u2013 Artikel 21 DSGVO: Das Recht, gegen die Verarbeitung Sie betreffender personenbezogener Daten Widerspruch einzulegen, sofern keine berechtigten Gr\u00fcnde f\u00fcr den Verantwortlichen vorliegen, die Verarbeitung fortzusetzen;<\/li>\r\n \t<li>Recht auf Beschwerde bei der italienischen Datenschutzbeh\u00f6rde\u00a0&#8211; Garante per la protezione dei dati personali, Piazza di Montecitorio 121, 00186, Rom (Italien).<\/li>\r\n<\/ul>\r\n<p>Die vorgenannten Rechte k\u00f6nnen gegen\u00fcber dem Verantwortlichen unter den im vorstehenden Punkt 1 genannten Adressen ausge\u00fcbt werden. Der Verantwortliche sorgt f\u00fcr die Bearbeitung Ihres Antrags und stellt Ihnen unverz\u00fcglich, sp\u00e4testens aber innerhalb von einem Monat ab seinem Eingang, die Informationen \u00fcber die durchgef\u00fchrte Ma\u00dfnahme betreffend Ihren Antrag zur Verf\u00fcgung.  <\/p>\r\n<p>Die Aus\u00fcbung Ihrer Rechte als betroffene Person ist gem\u00e4\u00df Artikel 12 DSGVO unentgeltlich. Bei offenkundig unbegr\u00fcndeten oder \u2013 insbesondere im Fall von h\u00e4ufiger Wiederholung \u2013 exzessiven Antr\u00e4gen kann der Verantwortliche von Ihnen jedoch ein angemessenes Entgelt verlangen, bei dem die Verwaltungskosten f\u00fcr die Bearbeitung Ihres Antrags ber\u00fccksichtigt werden, oder sich weigern, aufgrund des Antrags t\u00e4tig zu werden.  <\/p>\r\n<p>Wir informieren Sie schlie\u00dflich dar\u00fcber, dass der Verantwortliche weitere erforderliche Informationen f\u00fcr die Best\u00e4tigung der Identit\u00e4t der betroffenen Person anfordern kann.  <\/p>\r\n<p>Emilceramica S.r.l. a socio unico\r\n  \r\n  (Verantwortlicher) <\/p>\r\n<p align=\"RIGHT\">Letzte Aktualisierung 04.04.2022<\/p>\t\t\t\t\t\t\t\t<\/div>\n\t\t\t\t<\/div>\n\t\t\t\t\t<\/div>\n\t\t<\/div>\n\t\t\t\t\t<\/div>\n\t\t<\/section>\n\t\t\t\t<\/div>\n\t\t","protected":false},"excerpt":{"rendered":"<p>DATENSCHUTZERKL\u00c4RUNG INTERNETSEITE GEM\u00c4SS ARTIKEL 13 DER VERORDNUNG (EU) 2016\/679 ZUM SCHUTZ UND ZUR VERARBEITUNG PERSONENBEZOGENER DATEN (DSGVO) 1. VERANTWORTLICHER Verantwortlicher ist Emilceramica S.r.l. a Socio Unico mit Sitz in Via Ghiarola Nuova 29, 41042 Fiorano Modenese (Modena), Italien, in Person seines gesetzlichen Vertreters pro-tempore (\u201eVerantwortlicher\u201c oder \u201eEmilceramica\u201c). Zur Aus\u00fcbung Ihrer Rechte und zum Erhalt von [&hellip;]<\/p>\n","protected":false},"author":1,"featured_media":0,"parent":0,"menu_order":0,"comment_status":"closed","ping_status":"closed","template":"elementor_canvas","meta":{"footnotes":""},"class_list":["post-972","page","type-page","status-publish","hentry"],"_links":{"self":[{"href":"https:\/\/www.emilgroupawards.com\/de\/wp-json\/wp\/v2\/pages\/972","targetHints":{"allow":["GET"]}}],"collection":[{"href":"https:\/\/www.emilgroupawards.com\/de\/wp-json\/wp\/v2\/pages"}],"about":[{"href":"https:\/\/www.emilgroupawards.com\/de\/wp-json\/wp\/v2\/types\/page"}],"author":[{"embeddable":true,"href":"https:\/\/www.emilgroupawards.com\/de\/wp-json\/wp\/v2\/users\/1"}],"replies":[{"embeddable":true,"href":"https:\/\/www.emilgroupawards.com\/de\/wp-json\/wp\/v2\/comments?post=972"}],"version-history":[{"count":6,"href":"https:\/\/www.emilgroupawards.com\/de\/wp-json\/wp\/v2\/pages\/972\/revisions"}],"predecessor-version":[{"id":1054,"href":"https:\/\/www.emilgroupawards.com\/de\/wp-json\/wp\/v2\/pages\/972\/revisions\/1054"}],"wp:attachment":[{"href":"https:\/\/www.emilgroupawards.com\/de\/wp-json\/wp\/v2\/media?parent=972"}],"curies":[{"name":"wp","href":"https:\/\/api.w.org\/{rel}","templated":true}]}}